{"id":7410,"date":"2024-11-19T10:23:00","date_gmt":"2024-11-19T09:23:00","guid":{"rendered":"https:\/\/albirpalace.com\/ferier-i-el-abir\/"},"modified":"2025-12-10T13:22:01","modified_gmt":"2025-12-10T12:22:01","slug":"ferier-i-el-abir","status":"publish","type":"page","link":"https:\/\/albirpalace.com\/no\/ferier-i-el-abir\/","title":{"rendered":"Ferier i El Abir"},"content":{"rendered":"<p>[et_pb_section fb_built=&raquo;1&#8243; _builder_version=&raquo;4.27.2&#8243; _module_preset=&raquo;default&raquo; custom_padding=&raquo;0px||0px||false|false&raquo; global_colors_info=&raquo;{}&raquo;][et_pb_row column_structure=&raquo;1_3,2_3&#8243; _builder_version=&raquo;4.27.2&#8243; _module_preset=&raquo;default&raquo; background_color=&raquo;#f39200&#8243; width=&raquo;100%&raquo; max_width=&raquo;100%&raquo; custom_margin=&raquo;||||false|false&raquo; custom_padding=&raquo;0px||0px||true|false&raquo; animation_style=&raquo;fade&raquo; global_colors_info=&raquo;{}&raquo;][et_pb_column type=&raquo;1_3&#8243; _builder_version=&raquo;4.19.0&#8243; _module_preset=&raquo;default&raquo; z_index=&raquo;10&#8243; custom_padding=&raquo;7%|||10%|false|false&raquo; custom_padding_tablet=&raquo;7%|||5%|false|false&raquo; custom_padding_phone=&raquo;7%|||5%|false|false&raquo; custom_padding_last_edited=&raquo;on|phone&raquo; global_colors_info=&raquo;{}&raquo; custom_css_main_element_last_edited=&raquo;on|phone&raquo; custom_css_main_element_tablet=&raquo;width: 40%;&raquo; custom_css_main_element_phone=&raquo;width: 100%;&raquo;][et_pb_text _builder_version=&raquo;4.27.4&#8243; _module_preset=&raquo;default&raquo; header_2_font=&raquo;Oxygen|600|||||||&raquo; header_2_text_color=&raquo;#e8e8ea&raquo; header_2_font_size=&raquo;4vw&raquo; custom_margin=&raquo;|-100px|10px||false|false&raquo; custom_margin_tablet=&raquo;|-100px|10px||false|false&raquo; custom_margin_phone=&raquo;|0px|||false|false&raquo; custom_margin_last_edited=&raquo;on|phone&raquo; hover_enabled=&raquo;0&#8243; header_2_font_size_tablet=&raquo;7vw&raquo; header_2_font_size_phone=&raquo;14vw&raquo; header_2_font_size_last_edited=&raquo;on|tablet&raquo; header_2_text_shadow_style=&raquo;preset1&#8243; header_2_text_shadow_vertical_length=&raquo;0.03em&raquo; header_2_text_shadow_blur_strength=&raquo;0.02em&raquo; global_colors_info=&raquo;{}&raquo; header_text_color=&raquo;#FFFFFF&raquo; header_font_size=&raquo;36px&raquo; header_text_shadow_style=&raquo;preset2&#8243; sticky_enabled=&raquo;0&#8243;]<\/p>\n<h1>Omr\u00e5de<\/h1>\n<p>[\/et_pb_text][et_pb_text _builder_version=&raquo;4.27.2&#8243; _module_preset=&raquo;default&raquo; text_font=&raquo;Inter|600|||||||&raquo; text_text_color=&raquo;#e8e8ea&raquo; text_font_size=&raquo;16px&raquo; custom_margin=&raquo;||20px||false|false&raquo; custom_padding=&raquo;|15%|||false|false&raquo; custom_padding_tablet=&raquo;|10%|||false|false&raquo; custom_padding_phone=&raquo;|10%|||false|false&raquo; custom_padding_last_edited=&raquo;on|phone&raquo; global_colors_info=&raquo;{}&raquo;]<\/p>\n<p>Oppdag Albir og omgivelsene rundt. Her kan du nyte ferien din rundt om i byen og delta p\u00e5 forskjellige aktiviteter<\/p>\n<p>[\/et_pb_text][\/et_pb_column][et_pb_column type=&raquo;2_3&#8243; _builder_version=&raquo;4.19.0&#8243; _module_preset=&raquo;default&raquo; global_colors_info=&raquo;{}&raquo; custom_css_main_element_last_edited=&raquo;on|phone&raquo; custom_css_main_element_tablet=&raquo;width: 60%;&raquo; custom_css_main_element_phone=&raquo;width: 100%;&raquo;][et_pb_slider show_arrows=&raquo;off&raquo; show_pagination=&raquo;off&raquo; arrows_custom_color=&raquo;#FFFFFF&raquo; dot_nav_custom_color=&raquo;#FFFFFF&raquo; _builder_version=&raquo;4.27.4&#8243; _module_preset=&raquo;default&raquo; min_height=&raquo;600px&raquo; min_height_tablet=&raquo;550px&raquo; min_height_phone=&raquo;400px&raquo; min_height_last_edited=&raquo;on|desktop&raquo; animation_style=&raquo;fade&raquo; auto=&raquo;on&raquo; global_colors_info=&raquo;{}&raquo;][et_pb_slide heading=&raquo;Strandend El Albir&raquo; _builder_version=&raquo;4.27.2&#8243; _module_preset=&raquo;default&raquo; header_font=&raquo;|700|||||||&raquo; background_color=&raquo;RGBA(255,255,255,0)&raquo; background_enable_color=&raquo;on&raquo; background_image=&raquo;https:\/\/albirpalace.com\/wp-content\/uploads\/2024\/10\/bulebar-playa-del-albir.jpg&raquo; background_enable_image=&raquo;on&raquo; title_text=&raquo;vacaciones en el albir&raquo; global_colors_info=&raquo;{}&raquo; sticky_transition=&raquo;on&raquo;][\/et_pb_slide][et_pb_slide heading=&raquo;Altea&raquo; _builder_version=&raquo;4.27.2&#8243; _module_preset=&raquo;default&raquo; header_font=&raquo;|700|||||||&raquo; background_color=&raquo;RGBA(255,255,255,0)&raquo; background_enable_color=&raquo;on&raquo; background_image=&raquo;https:\/\/albirpalace.com\/wp-content\/uploads\/2024\/10\/altea-pueblo.jpg&raquo; background_enable_image=&raquo;on&raquo; title_text=&raquo;altea-pueblo&raquo; global_colors_info=&raquo;{}&raquo; sticky_transition=&raquo;on&raquo;][\/et_pb_slide][et_pb_slide heading=&raquo;Albir Bulebar&raquo; _builder_version=&raquo;4.27.2&#8243; _module_preset=&raquo;default&raquo; header_font=&raquo;|700|||||||&raquo; background_color=&raquo;RGBA(255,255,255,0)&raquo; background_enable_color=&raquo;on&raquo; background_image=&raquo;https:\/\/albirpalace.com\/wp-content\/uploads\/2024\/10\/bulebar-playa-albir.jpg&raquo; background_enable_image=&raquo;on&raquo; title_text=&raquo;bulebar-playa-albir&raquo; global_colors_info=&raquo;{}&raquo; sticky_transition=&raquo;on&raquo;][\/et_pb_slide][et_pb_slide heading=&raquo;Altea&raquo; _builder_version=&raquo;4.27.2&#8243; _module_preset=&raquo;default&raquo; header_font=&raquo;|700|||||||&raquo; background_color=&raquo;RGBA(255,255,255,0)&raquo; background_enable_color=&raquo;on&raquo; background_image=&raquo;https:\/\/albirpalace.com\/wp-content\/uploads\/2024\/10\/altea-vista-mar.jpg&raquo; background_enable_image=&raquo;on&raquo; title_text=&raquo;altea-vista-mar&raquo; global_colors_info=&raquo;{}&raquo; sticky_transition=&raquo;on&raquo;][\/et_pb_slide][\/et_pb_slider][\/et_pb_column][\/et_pb_row][\/et_pb_section][et_pb_section fb_built=&raquo;1&#8243; specialty=&raquo;on&raquo; background_color_1=&raquo;#086ead&raquo; padding_top_1=&raquo;60px&raquo; padding_right_1=&raquo;60px&raquo; padding_bottom_1=&raquo;60px&raquo; padding_left_1=&raquo;60px&raquo; padding_top_bottom_link_1=&raquo;true&raquo; padding_left_right_link_1=&raquo;true&raquo; padding_1_tablet=&raquo;30px|30px|30px|30px|true|true&raquo; padding_1_phone=&raquo;20px|20px|20px|20px|true|true&raquo; padding_1_last_edited=&raquo;on|desktop&raquo; admin_label=&raquo;Categories&raquo; _builder_version=&raquo;4.27.2&#8243; _module_preset=&raquo;default&raquo; custom_padding=&raquo;||0px||false|false&raquo; collapsed=&raquo;off&raquo; global_colors_info=&raquo;{}&raquo;][et_pb_column type=&raquo;1_2&#8243; _builder_version=&raquo;4.16&#8243; custom_padding=&raquo;|||&raquo; global_colors_info=&raquo;{}&raquo; custom_padding__hover=&raquo;|||&raquo;][et_pb_text _builder_version=&raquo;4.27.2&#8243; _module_preset=&raquo;aaa7c440-590a-4078-ae0c-0f3c699ac51c&raquo; header_font=&raquo;||||||||&raquo; header_3_font=&raquo;Manrope|700|||||||&raquo; header_3_text_color=&raquo;#FFFFFF&raquo; header_3_font_size=&raquo;25px&raquo; header_3_line_height=&raquo;1.4em&raquo; header_3_font_size_tablet=&raquo;20px&raquo; header_3_font_size_phone=&raquo;16px&raquo; header_3_font_size_last_edited=&raquo;on|phone&raquo; global_colors_info=&raquo;{}&raquo;]<\/p>\n<h3>Playa del Albir og omgivelsene<\/h3>\n<p>[\/et_pb_text][et_pb_button button_url=&raquo;https:\/\/alfas.es\/category\/albir\/&raquo; url_new_window=&raquo;on&raquo; button_text=&raquo;ALBIR offisielle nyheter&raquo; _builder_version=&raquo;4.27.2&#8243; _module_preset=&raquo;563031db-d969-40bd-abaf-a90c734a57cc&raquo; custom_button=&raquo;on&raquo; button_text_size=&raquo;14px&raquo; button_text_color=&raquo;#FFFFFF&raquo; button_bg_color=&raquo;RGBA(255,255,255,0)&raquo; button_border_color=&raquo;#FFFFFF&raquo; button_border_radius=&raquo;0px&raquo; button_font=&raquo;Inter|700||on|||||&raquo; custom_padding=&raquo;16px|24px|16px|24px|true|true&raquo; global_colors_info=&raquo;{}&raquo;][\/et_pb_button][\/et_pb_column][et_pb_column type=&raquo;1_2&#8243; specialty_columns=&raquo;2&#8243; _builder_version=&raquo;4.16&#8243; custom_padding=&raquo;|||&raquo; global_colors_info=&raquo;{}&raquo; custom_padding__hover=&raquo;|||&raquo;][et_pb_row_inner column_structure=&raquo;1_3,1_3,1_3&#8243; custom_padding_last_edited=&raquo;on|tablet&raquo; _builder_version=&raquo;4.17.6&#8243; _module_preset=&raquo;default&raquo; custom_padding_tablet=&raquo;||0px||false|false&raquo; custom_padding_phone=&raquo;||0px||false|false&raquo; global_colors_info=&raquo;{}&raquo;][et_pb_column_inner type=&raquo;1_3&#8243; saved_specialty_column_type=&raquo;1_2&#8243; _builder_version=&raquo;4.17.6&#8243; _module_preset=&raquo;default&raquo; global_colors_info=&raquo;{}&raquo;][et_pb_icon font_icon=&raquo;&#xf2e7;||fa||900&#8243; icon_color=&raquo;#008186&#8243; icon_width=&raquo;40px&raquo; _builder_version=&raquo;4.17.6&#8243; _module_preset=&raquo;default&raquo; global_colors_info=&raquo;{}&raquo;][\/et_pb_icon][et_pb_text _builder_version=&raquo;4.27.2&#8243; _module_preset=&raquo;4827deed-2a92-4d97-a22f-f01067ae6873&#8243; header_font=&raquo;||||||||&raquo; header_4_font=&raquo;Manrope|700|||||||&raquo; header_4_text_color=&raquo;#000000&#8243; header_4_font_size=&raquo;19px&raquo; header_4_line_height=&raquo;1.4em&raquo; text_orientation=&raquo;center&raquo; custom_margin=&raquo;||0px||false|false&raquo; header_4_font_size_tablet=&raquo;16px&raquo; header_4_font_size_phone=&raquo;14px&raquo; header_4_font_size_last_edited=&raquo;on|tablet&raquo; global_colors_info=&raquo;{}&raquo;]<\/p>\n<h4>Mat<\/h4>\n<p>[\/et_pb_text][\/et_pb_column_inner][et_pb_column_inner type=&raquo;1_3&#8243; saved_specialty_column_type=&raquo;1_2&#8243; _builder_version=&raquo;4.17.6&#8243; _module_preset=&raquo;default&raquo; global_colors_info=&raquo;{}&raquo;][et_pb_icon font_icon=&raquo;&#xf19c;||fa||900&#8243; icon_color=&raquo;#008186&#8243; icon_width=&raquo;40px&raquo; _builder_version=&raquo;4.17.6&#8243; _module_preset=&raquo;default&raquo; locked=&raquo;off&raquo; global_colors_info=&raquo;{}&raquo;][\/et_pb_icon][et_pb_text _builder_version=&raquo;4.27.2&#8243; _module_preset=&raquo;4827deed-2a92-4d97-a22f-f01067ae6873&#8243; header_font=&raquo;||||||||&raquo; header_4_font=&raquo;Manrope|700|||||||&raquo; header_4_text_color=&raquo;#000000&#8243; header_4_font_size=&raquo;19px&raquo; header_4_line_height=&raquo;1.4em&raquo; text_orientation=&raquo;center&raquo; custom_margin=&raquo;||0px||false|false&raquo; header_4_font_size_tablet=&raquo;16px&raquo; header_4_font_size_phone=&raquo;14px&raquo; header_4_font_size_last_edited=&raquo;on|tablet&raquo; global_colors_info=&raquo;{}&raquo;]<\/p>\n<h4>Steder<\/h4>\n<p>[\/et_pb_text][\/et_pb_column_inner][et_pb_column_inner type=&raquo;1_3&#8243; saved_specialty_column_type=&raquo;1_2&#8243; _builder_version=&raquo;4.17.6&#8243; _module_preset=&raquo;default&raquo; global_colors_info=&raquo;{}&raquo;][et_pb_icon font_icon=&raquo;&#xf84a;||fa||900&#8243; icon_color=&raquo;#008186&#8243; icon_width=&raquo;40px&raquo; _builder_version=&raquo;4.17.6&#8243; _module_preset=&raquo;default&raquo; locked=&raquo;off&raquo; global_colors_info=&raquo;{}&raquo;][\/et_pb_icon][et_pb_text _builder_version=&raquo;4.27.2&#8243; _module_preset=&raquo;4827deed-2a92-4d97-a22f-f01067ae6873&#8243; header_font=&raquo;||||||||&raquo; header_4_font=&raquo;Manrope|700|||||||&raquo; header_4_text_color=&raquo;#000000&#8243; header_4_font_size=&raquo;19px&raquo; header_4_line_height=&raquo;1.4em&raquo; text_orientation=&raquo;center&raquo; custom_margin=&raquo;||0px||false|false&raquo; header_4_font_size_tablet=&raquo;16px&raquo; header_4_font_size_phone=&raquo;14px&raquo; header_4_font_size_last_edited=&raquo;on|tablet&raquo; global_colors_info=&raquo;{}&raquo;]<\/p>\n<h4>Ruter<\/h4>\n<p>[\/et_pb_text][\/et_pb_column_inner][\/et_pb_row_inner][et_pb_row_inner column_structure=&raquo;1_3,1_3,1_3&#8243; _builder_version=&raquo;4.17.6&#8243; _module_preset=&raquo;default&raquo; global_colors_info=&raquo;{}&raquo;][et_pb_column_inner type=&raquo;1_3&#8243; saved_specialty_column_type=&raquo;1_2&#8243; _builder_version=&raquo;4.17.6&#8243; _module_preset=&raquo;default&raquo; global_colors_info=&raquo;{}&raquo;][et_pb_icon font_icon=&raquo;&#xf522;||fa||900&#8243; icon_color=&raquo;#008186&#8243; icon_width=&raquo;40px&raquo; _builder_version=&raquo;4.17.6&#8243; _module_preset=&raquo;default&raquo; locked=&raquo;off&raquo; global_colors_info=&raquo;{}&raquo;][\/et_pb_icon][et_pb_text _builder_version=&raquo;4.27.2&#8243; _module_preset=&raquo;4827deed-2a92-4d97-a22f-f01067ae6873&#8243; header_font=&raquo;||||||||&raquo; header_4_font=&raquo;Manrope|700|||||||&raquo; header_4_text_color=&raquo;#000000&#8243; header_4_font_size=&raquo;19px&raquo; header_4_line_height=&raquo;1.4em&raquo; text_orientation=&raquo;center&raquo; custom_margin=&raquo;||0px||false|false&raquo; header_4_font_size_tablet=&raquo;16px&raquo; header_4_font_size_phone=&raquo;14px&raquo; header_4_font_size_last_edited=&raquo;on|tablet&raquo; global_colors_info=&raquo;{}&raquo;]<\/p>\n<h4>Spill<\/h4>\n<p>[\/et_pb_text][\/et_pb_column_inner][et_pb_column_inner type=&raquo;1_3&#8243; saved_specialty_column_type=&raquo;1_2&#8243; _builder_version=&raquo;4.17.6&#8243; _module_preset=&raquo;default&raquo; global_colors_info=&raquo;{}&raquo;][et_pb_icon font_icon=&raquo;&#xf53f;||fa||900&#8243; icon_color=&raquo;#008186&#8243; icon_width=&raquo;40px&raquo; _builder_version=&raquo;4.17.6&#8243; _module_preset=&raquo;default&raquo; locked=&raquo;off&raquo; global_colors_info=&raquo;{}&raquo;][\/et_pb_icon][et_pb_text _builder_version=&raquo;4.27.2&#8243; _module_preset=&raquo;4827deed-2a92-4d97-a22f-f01067ae6873&#8243; header_font=&raquo;||||||||&raquo; header_4_font=&raquo;Manrope|700|||||||&raquo; header_4_text_color=&raquo;#000000&#8243; header_4_font_size=&raquo;19px&raquo; header_4_line_height=&raquo;1.4em&raquo; text_orientation=&raquo;center&raquo; custom_margin=&raquo;||0px||false|false&raquo; header_4_font_size_tablet=&raquo;16px&raquo; header_4_font_size_phone=&raquo;14px&raquo; header_4_font_size_last_edited=&raquo;on|tablet&raquo; global_colors_info=&raquo;{}&raquo;]<\/p>\n<h4>Kunst<\/h4>\n<p>[\/et_pb_text][\/et_pb_column_inner][et_pb_column_inner type=&raquo;1_3&#8243; saved_specialty_column_type=&raquo;1_2&#8243; _builder_version=&raquo;4.17.6&#8243; _module_preset=&raquo;default&raquo; global_colors_info=&raquo;{}&raquo;][et_pb_icon font_icon=&raquo;&#xf5ca;||fa||900&#8243; icon_color=&raquo;#008186&#8243; icon_width=&raquo;40px&raquo; _builder_version=&raquo;4.17.6&#8243; _module_preset=&raquo;default&raquo; locked=&raquo;off&raquo; global_colors_info=&raquo;{}&raquo;][\/et_pb_icon][et_pb_text _builder_version=&raquo;4.27.2&#8243; _module_preset=&raquo;4827deed-2a92-4d97-a22f-f01067ae6873&#8243; header_font=&raquo;||||||||&raquo; header_4_font=&raquo;Manrope|700|||||||&raquo; header_4_text_color=&raquo;#000000&#8243; header_4_font_size=&raquo;19px&raquo; header_4_line_height=&raquo;1.4em&raquo; text_orientation=&raquo;center&raquo; custom_margin=&raquo;||0px||false|false&raquo; header_4_font_size_tablet=&raquo;16px&raquo; header_4_font_size_phone=&raquo;14px&raquo; header_4_font_size_last_edited=&raquo;on|tablet&raquo; global_colors_info=&raquo;{}&raquo;]<\/p>\n<h4>Stranden<\/h4>\n<p>[\/et_pb_text][\/et_pb_column_inner][\/et_pb_row_inner][\/et_pb_column][\/et_pb_section][et_pb_section fb_built=&raquo;1&#8243; admin_label=&raquo;Events&raquo; _builder_version=&raquo;4.17.6&#8243; _module_preset=&raquo;default&raquo; custom_padding=&raquo;0px|||||&raquo; collapsed=&raquo;off&raquo; global_colors_info=&raquo;{}&raquo;][et_pb_row _builder_version=&raquo;4.17.6&#8243; _module_preset=&raquo;default&raquo; global_colors_info=&raquo;{}&raquo;][et_pb_column type=&raquo;4_4&#8243; _builder_version=&raquo;4.17.6&#8243; _module_preset=&raquo;default&raquo; global_colors_info=&raquo;{}&raquo;][et_pb_text _builder_version=&raquo;4.27.2&#8243; _module_preset=&raquo;b327cbe4-b1d5-4b66-ad37-40c8f2f061ba&raquo; header_2_font=&raquo;Manrope|700|||||||&raquo; header_2_text_color=&raquo;#000000&#8243; header_2_font_size=&raquo;48px&raquo; header_2_line_height=&raquo;1.2em&raquo; header_2_font_size_tablet=&raquo;32px&raquo; header_2_font_size_phone=&raquo;20px&raquo; header_2_font_size_last_edited=&raquo;on|desktop&raquo; global_colors_info=&raquo;{}&raquo;]<\/p>\n<h2>El Albir<\/h2>\n<p>[\/et_pb_text][\/et_pb_column][\/et_pb_row][et_pb_row column_structure=&raquo;1_2,1_2&#8243; _builder_version=&raquo;4.17.6&#8243; _module_preset=&raquo;default&raquo; global_colors_info=&raquo;{}&raquo;][et_pb_column type=&raquo;1_2&#8243; _builder_version=&raquo;4.17.6&#8243; _module_preset=&raquo;default&raquo; custom_padding=&raquo;||||false|false&raquo; custom_padding_tablet=&raquo;||30px||false|false&raquo; custom_padding_phone=&raquo;||30px||false|false&raquo; custom_padding_last_edited=&raquo;on|tablet&raquo; global_colors_info=&raquo;{}&raquo;][et_pb_image src=&raquo;https:\/\/albirpalace.com\/wp-content\/uploads\/2024\/10\/bulebar-playa-del-albir.jpg&raquo; alt=&raquo;Ferier i El Abir&raquo; title_text=&raquo;Ferier i El Abir&raquo; _builder_version=&raquo;4.27.2&#8243; _module_preset=&raquo;default&raquo; global_colors_info=&raquo;{}&raquo;][\/et_pb_image][\/et_pb_column][et_pb_column type=&raquo;1_2&#8243; _builder_version=&raquo;4.17.6&#8243; _module_preset=&raquo;default&raquo; global_colors_info=&raquo;{}&raquo;][et_pb_text _builder_version=&raquo;4.27.4&#8243; _module_preset=&raquo;4827deed-2a92-4d97-a22f-f01067ae6873&#8243; header_font=&raquo;||||||||&raquo; header_2_font=&raquo;Manrope|700|||||||&raquo; header_2_text_color=&raquo;#000000&#8243; header_2_font_size=&raquo;19px&raquo; header_2_line_height=&raquo;1.4em&raquo; header_4_font=&raquo;Manrope|700|||||||&raquo; header_4_text_color=&raquo;#000000&#8243; header_4_font_size=&raquo;19px&raquo; header_4_line_height=&raquo;1.4em&raquo; custom_margin=&raquo;||0px||false|false&raquo; header_2_font_size_tablet=&raquo;16px&raquo; header_2_font_size_phone=&raquo;14px&raquo; header_2_font_size_last_edited=&raquo;on|phone&raquo; header_4_font_size_tablet=&raquo;16px&raquo; header_4_font_size_phone=&raquo;14px&raquo; header_4_font_size_last_edited=&raquo;on|phone&raquo; global_colors_info=&raquo;{}&raquo;]<\/p>\n<h4>Playa del Albir og omgivelsene<\/h4>\n<p>[\/et_pb_text][et_pb_text _builder_version=&raquo;4.27.2&#8243; _module_preset=&raquo;1f09816e-184e-4ce5-a4cf-b39c52c423ca&raquo; text_font=&raquo;Open Sans||||||||&raquo; text_text_color=&raquo;#666666&#8243; text_font_size=&raquo;16px&raquo; text_line_height=&raquo;1.8em&raquo; link_text_color=&raquo;#666666&#8243; text_orientation=&raquo;justified&raquo; text_font_size_tablet=&raquo;15px&raquo; text_font_size_phone=&raquo;14px&raquo; text_font_size_last_edited=&raquo;on|phone&raquo; header_font_size_tablet=&raquo;55px&raquo; header_font_size_last_edited=&raquo;off|desktop&raquo; global_colors_info=&raquo;{}&raquo;]<\/p>\n<p>Albir er en kystby som ligger i provinsen Alicante, i regionen Comunidad Valenciana, innenfor kommunen L&#8217;Alf\u00e0s del Pi. Albir er kjent for sin rolige strand med sm\u00e5 rullesteiner og krystallklart vann, kalt Playa del Albir, som har en vakker strandpromenade, Paseo de las Estrellas, inspirert av Hollywoods Walk of Fame.<\/p>\n<p>[\/et_pb_text][et_pb_button button_url=&raquo;https:\/\/www.comunitatvalenciana.com\/es\/alacant-alicante\/lalfas-del-pi\/oficinas-de-turismo\/tourist-info-l-alfas-del-pi-platja&raquo; url_new_window=&raquo;on&raquo; button_text=&raquo;TURISTIC INFORMASJON EL ALBIR&raquo; _builder_version=&raquo;4.27.2&#8243; _module_preset=&raquo;c9fe482c-2e2c-4f8c-9652-7702a242bc65&#8243; custom_button=&raquo;on&raquo; button_text_size=&raquo;14px&raquo; button_text_color=&raquo;#D37643&#8243; button_bg_color=&raquo;RGBA(255,255,255,0)&raquo; button_border_color=&raquo;#D37643&#8243; button_border_radius=&raquo;0px&raquo; button_font=&raquo;Inter|700||on|||||&raquo; custom_padding=&raquo;16px|24px|16px|24px|true|true&raquo; global_colors_info=&raquo;{}&raquo;][\/et_pb_button][\/et_pb_column][\/et_pb_row][et_pb_row _builder_version=&raquo;4.27.2&#8243; _module_preset=&raquo;default&raquo; global_colors_info=&raquo;{}&raquo;][et_pb_column type=&raquo;4_4&#8243; _builder_version=&raquo;4.27.2&#8243; _module_preset=&raquo;default&raquo; global_colors_info=&raquo;{}&raquo;][et_pb_text _builder_version=&raquo;4.27.2&#8243; _module_preset=&raquo;1f09816e-184e-4ce5-a4cf-b39c52c423ca&raquo; text_font=&raquo;Open Sans||||||||&raquo; text_text_color=&raquo;#666666&#8243; text_font_size=&raquo;16px&raquo; text_line_height=&raquo;1.8em&raquo; link_text_color=&raquo;#666666&#8243; text_orientation=&raquo;justified&raquo; text_font_size_tablet=&raquo;15px&raquo; text_font_size_phone=&raquo;14px&raquo; text_font_size_last_edited=&raquo;on|phone&raquo; header_font_size_tablet=&raquo;55px&raquo; header_font_size_last_edited=&raquo;off|desktop&raquo; global_colors_info=&raquo;{}&raquo;]<\/p>\n<p>Omr\u00e5det rundt Albir er kjent for sin natur og landskap. Det ligger n\u00e6r nasjonalparken Sierra Helada, et beskyttet omr\u00e5de ideelt for fotturer og utend\u00f8rsaktiviteter. I tillegg gj\u00f8r det milde middelhavsklimaet og den avslappede atmosf\u00e6ren det til et popul\u00e6rt reisem\u00e5l b\u00e5de for turister og fastboende<\/p>\n<p>[\/et_pb_text][\/et_pb_column][\/et_pb_row][et_pb_row _builder_version=&raquo;4.17.6&#8243; _module_preset=&raquo;default&raquo; global_colors_info=&raquo;{}&raquo;][et_pb_column type=&raquo;4_4&#8243; _builder_version=&raquo;4.17.6&#8243; _module_preset=&raquo;default&raquo; global_colors_info=&raquo;{}&raquo;][et_pb_text _builder_version=&raquo;4.27.2&#8243; _module_preset=&raquo;b327cbe4-b1d5-4b66-ad37-40c8f2f061ba&raquo; header_2_font=&raquo;Manrope|700|||||||&raquo; header_2_text_color=&raquo;#000000&#8243; header_2_font_size=&raquo;48px&raquo; header_2_line_height=&raquo;1.2em&raquo; header_2_font_size_tablet=&raquo;32px&raquo; header_2_font_size_phone=&raquo;20px&raquo; header_2_font_size_last_edited=&raquo;on|desktop&raquo; global_colors_info=&raquo;{}&raquo;]<\/p>\n<h2>Altea<\/h2>\n<p>[\/et_pb_text][\/et_pb_column][\/et_pb_row][et_pb_row column_structure=&raquo;3_5,2_5&#8243; _builder_version=&raquo;4.17.6&#8243; _module_preset=&raquo;default&raquo; global_colors_info=&raquo;{}&raquo;][et_pb_column type=&raquo;3_5&#8243; _builder_version=&raquo;4.17.6&#8243; _module_preset=&raquo;default&raquo; custom_padding=&raquo;||||false|false&raquo; custom_padding_tablet=&raquo;||30px||false|false&raquo; custom_padding_phone=&raquo;||30px||false|false&raquo; custom_padding_last_edited=&raquo;on|tablet&raquo; global_colors_info=&raquo;{}&raquo;][et_pb_image src=&raquo;https:\/\/albirpalace.com\/wp-content\/uploads\/2024\/10\/altea-pueblo.jpg&raquo; alt=&raquo;altea-pueblo&raquo; title_text=&raquo;altea-pueblo&raquo; _builder_version=&raquo;4.27.2&#8243; _module_preset=&raquo;default&raquo; global_colors_info=&raquo;{}&raquo;][\/et_pb_image][\/et_pb_column][et_pb_column type=&raquo;2_5&#8243; _builder_version=&raquo;4.17.6&#8243; _module_preset=&raquo;default&raquo; global_colors_info=&raquo;{}&raquo;][et_pb_text _builder_version=&raquo;4.27.4&#8243; _module_preset=&raquo;4827deed-2a92-4d97-a22f-f01067ae6873&#8243; header_font=&raquo;||||||||&raquo; header_2_font=&raquo;Manrope|700|||||||&raquo; header_2_text_color=&raquo;#000000&#8243; header_2_font_size=&raquo;19px&raquo; header_2_line_height=&raquo;1.4em&raquo; header_4_font=&raquo;Manrope|700|||||||&raquo; header_4_text_color=&raquo;#000000&#8243; header_4_font_size=&raquo;19px&raquo; header_4_line_height=&raquo;1.4em&raquo; custom_margin=&raquo;||0px||false|false&raquo; header_2_font_size_tablet=&raquo;16px&raquo; header_2_font_size_phone=&raquo;14px&raquo; header_2_font_size_last_edited=&raquo;on|phone&raquo; header_4_font_size_tablet=&raquo;16px&raquo; header_4_font_size_phone=&raquo;14px&raquo; header_4_font_size_last_edited=&raquo;on|phone&raquo; global_colors_info=&raquo;{}&raquo;]<\/p>\n<h4>Altea, den hvite landsbyen<\/h4>\n<p>[\/et_pb_text][et_pb_text _builder_version=&raquo;4.27.2&#8243; _module_preset=&raquo;1f09816e-184e-4ce5-a4cf-b39c52c423ca&raquo; text_font=&raquo;Open Sans||||||||&raquo; text_text_color=&raquo;#666666&#8243; text_font_size=&raquo;16px&raquo; text_line_height=&raquo;1.8em&raquo; link_text_color=&raquo;#666666&#8243; text_orientation=&raquo;justified&raquo; text_font_size_tablet=&raquo;15px&raquo; text_font_size_phone=&raquo;14px&raquo; text_font_size_last_edited=&raquo;on|phone&raquo; header_font_size_tablet=&raquo;55px&raquo; header_font_size_last_edited=&raquo;off|desktop&raquo; global_colors_info=&raquo;{}&raquo;]<\/p>\n<p>Altea er en pittoresk kystby i provinsen Alicante, i regionen Comunidad Valenciana, kjent for sin tradisjonelle sjarm og middelhavs skj\u00f8nnhet. Byen ligger p\u00e5 Costa Blanca, mellom Benidorm og Calpe, er kjent for sitt gamlebyomr\u00e5de, med brosteinsgater, kalkede hus og en emblematiske kirke, Iglesia de Nuestra Se\u00f1ora del Consuelo, kronet med sin bl\u00e5 og hvite kuppel<\/p>\n<p>[\/et_pb_text][et_pb_button button_url=&raquo;https:\/\/www.comunitatvalenciana.com\/es\/alacant-alicante\/altea\/oficinas-de-turismo\/tourist-info-altea&raquo; url_new_window=&raquo;on&raquo; button_text=&raquo;OMR\u00c5DET RUNDT ALTEA&raquo; _builder_version=&raquo;4.27.2&#8243; _module_preset=&raquo;c9fe482c-2e2c-4f8c-9652-7702a242bc65&#8243; custom_button=&raquo;on&raquo; button_text_size=&raquo;14px&raquo; button_text_color=&raquo;#D37643&#8243; button_bg_color=&raquo;RGBA(255,255,255,0)&raquo; button_border_color=&raquo;#D37643&#8243; button_border_radius=&raquo;0px&raquo; button_font=&raquo;Inter|700||on|||||&raquo; custom_padding=&raquo;16px|24px|16px|24px|true|true&raquo; global_colors_info=&raquo;{}&raquo;][\/et_pb_button][\/et_pb_column][\/et_pb_row][et_pb_row _builder_version=&raquo;4.27.2&#8243; _module_preset=&raquo;default&raquo; global_colors_info=&raquo;{}&raquo;][et_pb_column type=&raquo;4_4&#8243; _builder_version=&raquo;4.27.2&#8243; _module_preset=&raquo;default&raquo; global_colors_info=&raquo;{}&raquo;][et_pb_text _builder_version=&raquo;4.27.2&#8243; _module_preset=&raquo;1f09816e-184e-4ce5-a4cf-b39c52c423ca&raquo; text_font=&raquo;Open Sans||||||||&raquo; text_text_color=&raquo;#666666&#8243; text_font_size=&raquo;16px&raquo; text_line_height=&raquo;1.8em&raquo; link_text_color=&raquo;#666666&#8243; text_font_size_tablet=&raquo;15px&raquo; text_font_size_phone=&raquo;14px&raquo; text_font_size_last_edited=&raquo;on|phone&raquo; header_font_size_tablet=&raquo;55px&raquo; header_font_size_last_edited=&raquo;off|desktop&raquo; global_colors_info=&raquo;{}&raquo;]<\/p>\n<p>Omr\u00e5det kombinerer havets attraksjon med fjellandskap. Stranden med krystallklart vann, som Playa de la Roda, kompletteres med de n\u00e6rliggende \u00e5sene og Sierra de Bernia, som tilbyr turstier. I tillegg gj\u00f8r den rolige atmosf\u00e6ren, fylt med kunstgallerier, h\u00e5ndverksverksteder og et livlig kunstnermilj\u00f8, det til et sv\u00e6rt popul\u00e6rt reisem\u00e5l for de som s\u00f8ker kulturell og avslappet turisme.<\/p>\n<p>[\/et_pb_text][\/et_pb_column][\/et_pb_row][\/et_pb_section][et_pb_section fb_built=&raquo;1&#8243; admin_label=&raquo;Call to Action&raquo; _builder_version=&raquo;4.27.2&#8243; _module_preset=&raquo;default&raquo; background_color=&raquo;#00a0ea&raquo; use_background_color_gradient=&raquo;on&raquo; background_color_gradient_direction=&raquo;150deg&raquo; background_color_gradient_stops=&raquo;rgba(193,113,0,0.45) 10%|#00090a 100%&raquo; background_color_gradient_overlays_image=&raquo;on&raquo; background_image=&raquo;https:\/\/albirpalace.com\/wp-content\/uploads\/2024\/10\/4.jpg&raquo; collapsed=&raquo;on&raquo; global_colors_info=&raquo;{}&raquo;][et_pb_row _builder_version=&raquo;4.17.6&#8243; _module_preset=&raquo;default&raquo; max_width=&raquo;860px&raquo; global_colors_info=&raquo;{}&raquo;][et_pb_column type=&raquo;4_4&#8243; _builder_version=&raquo;4.17.6&#8243; _module_preset=&raquo;default&raquo; global_colors_info=&raquo;{}&raquo;][et_pb_text _builder_version=&raquo;4.27.4&#8243; _module_preset=&raquo;e6504a1b-67eb-4b3d-b023-bcab277610b6&#8243; header_2_font=&raquo;Manrope|700|||||||&raquo; header_2_text_color=&raquo;#FFFFFF&raquo; header_2_font_size=&raquo;14px&raquo; header_2_letter_spacing=&raquo;1px&raquo; header_2_line_height=&raquo;1.4em&raquo; header_4_font=&raquo;Manrope|700||on|||||&raquo; header_4_text_color=&raquo;#FFFFFF&raquo; header_4_font_size=&raquo;14px&raquo; header_4_letter_spacing=&raquo;1px&raquo; header_4_line_height=&raquo;1.4em&raquo; text_orientation=&raquo;center&raquo; custom_margin=&raquo;||0px||false|false&raquo; header_4_font_size_last_edited=&raquo;off|tablet&raquo; global_colors_info=&raquo;{}&raquo;]<\/p>\n<h4>ALBIR PALACE<\/h4>\n<p>[\/et_pb_text][et_pb_text _builder_version=&raquo;4.27.4&#8243; _module_preset=&raquo;b327cbe4-b1d5-4b66-ad37-40c8f2f061ba&raquo; header_2_font=&raquo;Manrope|700|||||||&raquo; header_2_text_color=&raquo;#FFFFFF&raquo; header_2_font_size=&raquo;48px&raquo; header_2_line_height=&raquo;1.2em&raquo; header_3_font=&raquo;Manrope|700|||||||&raquo; header_3_text_color=&raquo;#FFFFFF&raquo; header_3_font_size=&raquo;48px&raquo; header_3_line_height=&raquo;1.2em&raquo; text_orientation=&raquo;center&raquo; header_2_font_size_tablet=&raquo;32px&raquo; header_2_font_size_phone=&raquo;20px&raquo; header_2_font_size_last_edited=&raquo;on|desktop&raquo; header_3_font_size_tablet=&raquo;32px&raquo; header_3_font_size_phone=&raquo;20px&raquo; header_3_font_size_last_edited=&raquo;on|phone&raquo; global_colors_info=&raquo;{}&raquo;]<\/p>\n<h2>Reserver leiligheten din p\u00e5 Albir Palace direkte hos oss<\/h2>\n<p>[\/et_pb_text][et_pb_button button_url=&raquo;@ET-DC@eyJkeW5hbWljIjp0cnVlLCJjb250ZW50IjoicG9zdF9saW5rX3VybF9wYWdlIiwic2V0dGluZ3MiOnsicG9zdF9pZCI6IjQ4MiJ9fQ==@&raquo; button_text=&raquo;BOOK N\u00c5&raquo; button_alignment=&raquo;center&raquo; _builder_version=&raquo;4.27.2&#8243; _dynamic_attributes=&raquo;button_url&raquo; _module_preset=&raquo;31b4f027-aaa0-4f2f-ae02-959764e19e4f&raquo; custom_button=&raquo;on&raquo; button_text_size=&raquo;14px&raquo; button_text_color=&raquo;#FFFFFF&raquo; button_bg_color=&raquo;#f39200&#8243; button_border_width=&raquo;0px&raquo; button_border_radius=&raquo;0px&raquo; button_font=&raquo;Inter|700||on|||||&raquo; custom_padding=&raquo;16px|24px|16px|24px|true|true&raquo; global_colors_info=&raquo;{}&raquo;][\/et_pb_button][\/et_pb_column][\/et_pb_row][\/et_pb_section]<\/p>\n","protected":false},"excerpt":{"rendered":"<p>Omr\u00e5deOppdag Albir og omgivelsene rundt. Her kan du nyte ferien din rundt om i byen og delta p\u00e5 forskjellige aktiviteterPlaya del Albir og omgivelseneMatStederRuterSpillKunstStrandenEl AlbirPlaya del Albir og omgivelseneAlbir er en kystby som ligger i provinsen Alicante, i regionen Comunidad Valenciana, innenfor kommunen L&#8217;Alf\u00e0s del Pi. Albir er kjent for sin rolige strand med sm\u00e5 [&hellip;]<\/p>\n","protected":false},"author":10,"featured_media":0,"parent":0,"menu_order":0,"comment_status":"closed","ping_status":"closed","template":"","meta":{"_et_pb_use_builder":"on","_et_pb_old_content":"","_et_gb_content_width":"","footnotes":""},"class_list":["post-7410","page","type-page","status-publish","hentry"],"_links":{"self":[{"href":"https:\/\/albirpalace.com\/no\/wp-json\/wp\/v2\/pages\/7410","targetHints":{"allow":["GET"]}}],"collection":[{"href":"https:\/\/albirpalace.com\/no\/wp-json\/wp\/v2\/pages"}],"about":[{"href":"https:\/\/albirpalace.com\/no\/wp-json\/wp\/v2\/types\/page"}],"author":[{"embeddable":true,"href":"https:\/\/albirpalace.com\/no\/wp-json\/wp\/v2\/users\/10"}],"replies":[{"embeddable":true,"href":"https:\/\/albirpalace.com\/no\/wp-json\/wp\/v2\/comments?post=7410"}],"version-history":[{"count":8,"href":"https:\/\/albirpalace.com\/no\/wp-json\/wp\/v2\/pages\/7410\/revisions"}],"predecessor-version":[{"id":7727,"href":"https:\/\/albirpalace.com\/no\/wp-json\/wp\/v2\/pages\/7410\/revisions\/7727"}],"wp:attachment":[{"href":"https:\/\/albirpalace.com\/no\/wp-json\/wp\/v2\/media?parent=7410"}],"curies":[{"name":"wp","href":"https:\/\/api.w.org\/{rel}","templated":true}]}}